{"id":1859,"date":"2014-08-11T21:15:19","date_gmt":"2014-08-11T19:15:19","guid":{"rendered":"http:\/\/www.ceogr.edu.pl\/?page_id=1859"},"modified":"2022-12-21T08:36:05","modified_gmt":"2022-12-21T08:36:05","slug":"inni-o-nas","status":"publish","type":"page","link":"https:\/\/ceogr.edu.pl\/?page_id=1859","title":{"rendered":"Inni o nas"},"content":{"rendered":"<p><img loading=\"lazy\" class=\"alignleft wp-image-1860 size-medium\" src=\"https:\/\/ceogr.edu.pl\/wp-content\/uploads\/2014\/08\/kciuk_do_gory_ok-160x160.jpg\" alt=\"kciuk_do_gory_ok\" width=\"160\" height=\"160\" \/><\/p>\n<table border=\"0\">\n<tbody>\n<tr>\n<td>\n<ul>\n<li><a href=\"https:\/\/24kurier.pl\/ekurier\/oaza-w-szpitalu-zdroje-zielona-metamorfoza\/\" target=\"_blank\" rel=\"noopener\">Oaza\u00a0 w szpitalu &#8222;Zdroje&#8221; &#8211; zielona metamorfoza &#8211; 24Kuriel.pl<\/a><\/li>\n<li><a href=\"https:\/\/radioszczecin.pl\/1,449615,zielen-na-zdrowie-rosliny-poprawia-samopoczucie-\" target=\"_blank\" rel=\"noopener\">Ziele\u0144 na zdrowie. Ro\u015bliny poprawi\u0105 samopoczucie pacjentom &#8211; Region &#8211; Radio Szczecin<\/a><\/li>\n<li><span dir=\"ltr\" role=\"presentation\"><a href=\"https:\/\/ceogr.edu.pl\/wp-content\/uploads\/2021\/09\/OGORKOWE-SPOTKANIE-POLOWE.pdf\" target=\"_blank\" rel=\"noopener\">Og\u00f3rkowe spotkanie polowe<\/a><br \/>\n<\/span><\/li>\n<li><a href=\"https:\/\/www.facebook.com\/zodr.barzkowice\/\" target=\"_blank\" rel=\"noopener noreferrer\">Podpisanie listu intencyjnego. Edukacja, kultura i gospodarka w Centrum &#8211; Zachodniopomorski O\u015brodek Doradztwa Rolniczego w Barzkowicach<\/a><\/li>\n<li><a href=\"https:\/\/szczecin.tvp.pl\/51978202\/2130-260121\" target=\"_blank\" rel=\"noopener noreferrer\">Najwa\u017cniejsze informacje z regionu 26.01.2021 &#8211; Kronika TVP3 Szczecin<\/a><\/li>\n<li><a href=\"https:\/\/radioszczecin.pl\/1,418474,polaczenie-patriotyzmu-i-tradycji-wsi-jest-list-\" target=\"_blank\" rel=\"noopener noreferrer\">Po\u0142\u0105czenie patriotyzmu i tradycji wsi. Jest list intencyjny. &#8211; Radio Szczecin<\/a><\/li>\n<li><a href=\"https:\/\/gs24.pl\/centrum-edukacji-ogrodniczej-w-szczecinie-juz-pod-opieka-ministerstwa-zdjecia\/ar\/c1-15409917\" target=\"_blank\" rel=\"noopener noreferrer\">Centrum Edukacji Ogrodniczej w Szczecinie ju\u017c pod opiek\u0105 ministerstwa &#8211; GS24.pl<\/a><\/li>\n<li><a href=\"https:\/\/szczecin.tvp.pl\/51981035\/wiceminister-gizynski-podczas-spotkania-w-centrum-edukacji-ogrodniczej?p=8\" target=\"_blank\" rel=\"noopener noreferrer\">Wiceminister Gi\u017cy\u0144ski podczas spotkania w Centrum Edukacji Ogrodniczej &#8211; TVP3 Szczecin<\/a><\/li>\n<li><a href=\"https:\/\/24kurier.pl\/aktualnosci\/wiadomosci\/centrum-edukacji-ogrodniczej-resort-rolnictwa-zapowiada-nowe-otwarcie\/\" target=\"_blank\" rel=\"noopener noreferrer\">Centrum Edukacji Ogrodniczej. Resort rolnictwa zapowiada nowe otwarcie- 24Kurier.pl<\/a><\/li>\n<li><a href=\"https:\/\/www.szczecin.uw.gov.pl\/?type=article&amp;action=view&amp;id=13322\" target=\"_blank\" rel=\"noopener noreferrer\">Wsp\u00f3\u0142praca Centrum Edukacji Ogrodniczej z Narodowym Instytutem Kultury i Dziedzictwa Wsi- ZUW Szczecin<\/a><\/li>\n<li><a href=\"https:\/\/ceogr.edu.pl\/wp-content\/uploads\/2020\/03\/CEO-pod-nadzorem-ministra.pdf\" target=\"_blank\" rel=\"noopener noreferrer\">Centrum Edukacji Ogrodniczej w Szczecinie pod nadzorem ministra &#8211; Zachodniopomorski Magazyn Rolniczy<\/a><\/li>\n<li><a href=\"https:\/\/www.gov.pl\/web\/rolnictwo\/kolejna-szkola-pod-nadzorem-ministra\" target=\"_blank\" rel=\"noopener noreferrer\">Kolejna szko\u0142a pod nadzorem ministra &#8211; Ministerstwo Rolnictwa i Rozwoju Wsi<\/a><\/li>\n<li><a href=\"http:\/\/pracanaroli.pl\/index.php\/2019\/11\/08\/e-kosmal-przypomnial-w-ceo-stara-maksyme-repetitio-est-mater-studiorum-powtorki-sa-matka-wiedzy\/\" target=\"_blank\" rel=\"noopener noreferrer\">E.Kosmal przypomnia\u0142 w CEO star\u0105 maksym\u0119&#8230; &#8211; PRACAnaROLI.pl<\/a><\/li>\n<li><a href=\"http:\/\/www.kuratorium.szczecin.pl\/kuratorium\/aktualnosci\/wiosenny-kiermasz-ogrodniczy-z-udzialem-zachodniopomorskiego-kuratora-oswiaty\/\" target=\"_blank\" rel=\"noopener noreferrer\">Wiosenny Kiermasz Ogrodniczy z udzia\u0142em Zachodniopomorskiego Kuratora O\u015bwiaty &#8211; Kuratorium O\u015bwiaty w Szczecinie<\/a><\/li>\n<li><a href=\"https:\/\/ceogr.edu.pl\/wp-content\/uploads\/2019\/05\/Warsztaty-w-Akademii-Sztuki.pdf\" target=\"_blank\" rel=\"noopener noreferrer\">Warsztaty w Akademii Sztuki<\/a><\/li>\n<li><a href=\"https:\/\/ceogr.edu.pl\/wp-content\/uploads\/2019\/05\/Uczniowie-CEO-w-finale-olimpiady-Panorama7.pdf\" target=\"_blank\" rel=\"noopener noreferrer\">Uczniowie CEO w finale olimpiady &#8211; Panorama7<\/a><\/li>\n<li><a href=\"https:\/\/ceogr.edu.pl\/wp-content\/uploads\/2019\/05\/Szukali-wiosny-przedszkolaki-w-CEO.pdf\" target=\"_blank\" rel=\"noopener noreferrer\">Szukali wiosny &#8211; przedszkolaki w CEO<\/a><\/li>\n<li><a href=\"https:\/\/ceogr.edu.pl\/wp-content\/uploads\/2019\/05\/Kiermasz-ogrodniczy-w-Zdrojach.pdf\" target=\"_blank\" rel=\"noopener noreferrer\">Kiermasz ogrodniczy w Zdrojach &#8211; Panorama 7<\/a><\/li>\n<li><a href=\"https:\/\/ceogr.edu.pl\/wp-content\/uploads\/2019\/05\/Ogrod-pelen-kolorow-i-smakow_Barzkowice-2019.pdf\" target=\"_blank\" rel=\"noopener noreferrer\">Ogr\u00f3d pe\u0142en kolor\u00f3w i smak\u00f3w_Barzkowice 2019<\/a><\/li>\n<li><a href=\"https:\/\/ceogr.edu.pl\/wp-content\/uploads\/2019\/05\/Wiosenna-wystawa-w-Barzkowicach-2019.pdf\" target=\"_blank\" rel=\"noopener noreferrer\">Wiosenna wystawa w Barzkowicach 2019<\/a><\/li>\n<li><a href=\"https:\/\/ceogr.edu.pl\/wp-content\/uploads\/2019\/05\/Kiermasz-wiosenny-2019-w-CEO.pdf\" target=\"_blank\" rel=\"noopener noreferrer\">Kiermasz wiosenny 2019 w CEO &#8211; KURIER SZCZECI\u0143SKI<\/a><\/li>\n<li><a href=\"https:\/\/ceogr.edu.pl\/wp-content\/uploads\/2019\/04\/przystan.pdf\" target=\"_blank\" rel=\"noopener noreferrer\">Przysta\u0144\u00a0 CEO &#8211; Panorama 7<\/a><\/li>\n<li><a href=\"https:\/\/ceogr.edu.pl\/wp-content\/uploads\/2019\/03\/Stypendystka-premiera-Panorama-7-14_03_2019.pdf\" target=\"_blank\" rel=\"noopener noreferrer\">Stypendystka premiera &#8211; Panorama 7<\/a><\/li>\n<li><a href=\"https:\/\/ceogr.edu.pl\/wp-content\/uploads\/2019\/03\/Warsztaty-ogrodnicze-Panorama-7.pdf\" target=\"_blank\" rel=\"noopener noreferrer\">Warsztaty ogrodnicze &#8211; Panorama 7<\/a><\/li>\n<li><a href=\"https:\/\/ceogr.edu.pl\/wp-content\/uploads\/2019\/01\/Swieto-chryzantemy-2018.pdf\" target=\"_blank\" rel=\"noopener noreferrer\">\u015awi\u0119to chryzantemy &#8211; Zachodniopomorski Magazyn Rolniczy<\/a><\/li>\n<li><a href=\"https:\/\/ceogr.edu.pl\/wp-content\/uploads\/2018\/12\/Album-przedszkole-35.pdf\" target=\"_blank\" rel=\"noopener noreferrer\">Album Pami\u0105tkowy &#8211; Przedszkole Publiczne Nr 35 <\/a><\/li>\n<li><a href=\"http:\/\/www.braille.bydgoszcz.pl\/607-final-kampanii-spolecznej-ja-nie-widze-ciebie-ty-zobacz-mnie\" target=\"_blank\" rel=\"noopener noreferrer\">Certyfikat dla CEO<\/a><a href=\"http:\/\/www.braille.bydgoszcz.pl\/607-final-kampanii-spolecznej-ja-nie-widze-ciebie-ty-zobacz-mnie\" target=\"_blank\" rel=\"noopener noreferrer\"> &#8211; Fina\u0142 kampanii spo\u0142ecznej \u201eJa nie widz\u0119 Ciebie, Ty zobacz mnie\u201d<\/a><\/li>\n<li><a href=\"https:\/\/www.24kurier.pl\/aktualnosci\/wiadomosci\/nie-kupuj-adoptuj-pieska\/\" target=\"_blank\" rel=\"noopener noreferrer\">\u201eNie kupuj \u2013 adoptuj\u201d (pieska)<\/a><\/li>\n<li><a href=\"https:\/\/ceogr.edu.pl\/wp-content\/uploads\/2018\/05\/Ciekawe-zawody-weterynarz.pdf\" target=\"_blank\" rel=\"noopener noreferrer\">Ogrodnicy i weterynarze maj\u0105 szans\u0119 na dobr\u0105 prac\u0119 &#8211; Nasze Miasto<\/a><\/li>\n<li><a href=\"https:\/\/ceogr.edu.pl\/wp-content\/uploads\/2018\/05\/Matura.pdf\" target=\"_blank\" rel=\"noopener noreferrer\">Czas na egzamin dojrza\u0142o\u015bci &#8211; w CEO &#8211; G\u0142os Szczecina<\/a><\/li>\n<li><a href=\"https:\/\/ceogr.edu.pl\/wp-content\/uploads\/2018\/05\/Ogrodnicy-siej\u0105-sadz\u0105....pdf\" target=\"_blank\" rel=\"noopener noreferrer\">Zawody przysz\u0142o\u015bci: Ogrodnicy, siej\u0105, sadz\u0105 i planuj\u0105 &#8211; G\u0142os Szczecina<\/a><\/li>\n<li><a href=\"https:\/\/ceogr.edu.pl\/wp-content\/uploads\/2018\/05\/Dzwonek-na-obiad.pdf\" target=\"_blank\" rel=\"noopener noreferrer\">Projekt DZWONEK NA OBIAD &#8211; &#8222;Grosz do Grosza&#8221; &#8211; Fundacja By\u0107 Bardziej<\/a><\/li>\n<li><a href=\"https:\/\/ceogr.edu.pl\/wp-content\/uploads\/2018\/05\/Dni-Otwarte-CEO.jpg\" target=\"_blank\" rel=\"noopener noreferrer\">Dni Otwart CEO &#8211; 12 maja 2018r.<\/a><\/li>\n<li><a href=\"http:\/\/www.wrir.wzp.pl\/aktualnosci\/xxiii-edycja-wojewodzkiego-konkursu-bezpieczenstwo-i-higiena-pracy-w-rolnictwie\" target=\"_blank\" rel=\"noopener noreferrer\">XXIII Edycja Wojew\u00f3dzkiego Konkursu \u201eBEZPIECZE\u0143STWO I HIGIENA PRACY W ROLNICTWIE\u201d &#8211; Wydzia\u0142 Rolnictwa i Rybactwa<\/a><\/li>\n<li><a href=\"https:\/\/ceogr.edu.pl\/wp-content\/uploads\/2018\/02\/Fachowcy-WiOM-2_2018.pdf\" target=\"_blank\" rel=\"noopener noreferrer\">Rosn\u0105 fachowcy &#8211; WiOM, 2\/2018<\/a><\/li>\n<li><a href=\"https:\/\/ceogr.edu.pl\/wp-content\/uploads\/2017\/11\/Kiermasz-jesienny-2017-Zachodniopomorski-Magazyn-Rolniczy.pdf\" target=\"_blank\" rel=\"noopener noreferrer\">Kiermasz jesienny &#8211; Barwy lata, dary jesieni &#8211; Zachodniopomorski Magazyn Rolniczy<\/a><\/li>\n<li><a href=\"https:\/\/ceogr.edu.pl\/wp-content\/uploads\/2017\/10\/Konkurs_Przystanek-Sukces.pdf\">Polska Fundacja Przedsi\u0119biorczo\u015bci &#8211; konkurs<\/a><\/li>\n<li><a href=\"http:\/\/szczecinbiznes.pl\/kategorie\/start\/_5194\" target=\"_blank\" rel=\"noopener noreferrer\">Szczecinianie maj\u0105 coraz wi\u0119cej pomys\u0142\u00f3w na w\u0142asny biznes<\/a><\/li>\n<li><a href=\"https:\/\/www.agrofakt.pl\/szkoly-rolnicze-wojewodztwie-zachodniopomorskim\/\" target=\"_blank\" rel=\"noopener noreferrer\">Dlaczego nauka w Centrum Edukacji Ogrodniczej? &#8211; agroFakt.pl<\/a><\/li>\n<li><a href=\"https:\/\/ceogr.edu.pl\/wp-content\/uploads\/2017\/05\/Bezpieczna-praca-w-gospodarstwie-rolnym-konkurs-KRUS.pdf\" target=\"_blank\" rel=\"noopener noreferrer\">Bezpieczna praca w gospodarstwie rolnym &#8211; konkurs KRUS<\/a><\/li>\n<li><a href=\"https:\/\/ceogr.edu.pl\/wp-content\/uploads\/2017\/05\/Czas-na-Centrum-Edukacji-Ogrodniczej.pdf\" target=\"_blank\" rel=\"noopener noreferrer\">Czas na Centrum Edukacji Ogrodniczej<\/a><\/li>\n<li><a href=\"https:\/\/ceogr.edu.pl\/wp-content\/uploads\/2014\/08\/wydarzenia63.pdf\" target=\"_blank\" rel=\"noopener noreferrer\">70-lecie Centrum Edukacji Ogrodniczej w Szczecinie<\/a><\/li>\n<li><a href=\"http:\/\/www.gs24.pl\/studniowki\/g\/centrum-edukacji-ogrodniczej-na-studniowkowej-zabawie-zdjecia,11731468,22463794\/\" target=\"_blank\" rel=\"noopener noreferrer\">Gs24 &#8211; Centrum Edukacji Ogrodniczej na studni\u00f3wkowej zabawie! [zdj\u0119cia]<\/a><\/li>\n<li><a href=\"https:\/\/ceogr.edu.pl\/wp-content\/uploads\/2014\/08\/CED-22.12.016.jpg\" target=\"_blank\" rel=\"noopener noreferrer\">panorama7 -70 lat CEO Zdroje<\/a> &#8211; <a href=\"https:\/\/ceogr.edu.pl\/wp-content\/uploads\/2017\/01\/70l-gazeta.jpg\" target=\"_blank\" rel=\"noopener noreferrer\">70 lecie CEO szczeg\u00f3\u0142y<\/a><\/li>\n<li><a href=\"http:\/\/www.lzs.pl\/aktualnosci\/729\/jak-olimpiada-turystyczna-to-tylko-wnbspzakopanem\" target=\"_blank\" rel=\"noopener noreferrer\">Krajowe Zrzeszenie LZS &#8211; Jak olimpiada turystyczna to tylko w Zakopanem<\/a><\/li>\n<li><a href=\"http:\/\/zsr-widzew.pl\/portal\/i-miejsce-oli-i-elizy\/\" target=\"_blank\" rel=\"noopener noreferrer\">ZSR Widzew &#8211; I miejsce Oli i Elizy<\/a><\/li>\n<li><a href=\"http:\/\/prawobrzeze.info\/artykuly\/Ogrodnicy_ze_Zdrojow_swietuja__2824\" target=\"_blank\" rel=\"noopener noreferrer\">Prawobrze\u017ce.info &#8211; Ogrodnicy ze Zdroj\u00f3w \u015bwi\u0119tuj\u0105<\/a><\/li>\n<li><a href=\"http:\/\/www.24kurier.pl\/aktualnosci\/wiadomosci\/uwaga-uprzatamy-szczecin\/\" target=\"_blank\" rel=\"noopener noreferrer\">Kurier Szczeci\u0144ski &#8211; Jesienne porz\u0105dki &#8211; sprz\u0105tamy szczecin <\/a><\/li>\n<li><a href=\"http:\/\/pikniki.otwartaszkola.edu.pl\/Relacje\/Relacja_CEO_SZCZECIN.aspx\" target=\"_blank\" rel=\"noopener noreferrer\">Technikum Ogrodnicze w Centrum Edukacji Ogrodniczej w Szczecinie<\/a><\/li>\n<li><a href=\"http:\/\/www.sloneczna9.pl\/component\/joomgallery\/przedszkole\/grupy\/grupa-2-motylki\/centrum-edukacji-ogrodniczej-w-szczecinie\" target=\"_blank\" rel=\"noopener noreferrer\">Przedszkole S\u0142oneczna Dziewi\u0105tka<\/a><\/li>\n<li><a href=\"http:\/\/szczecin.wyborcza.pl\/szczecin\/5,91486,16003050.html?disableRedirects=true\" target=\"_blank\" rel=\"noopener noreferrer\">Wyborcza.pl<\/a><\/li>\n<li><a href=\"http:\/\/www.24kurier.pl\/aktualnosci\/wiadomosci\/uwaga-uprzatamy-szczecin\/\" target=\"_blank\" rel=\"noopener noreferrer\">24kurier &#8211; Uwaga: uprz\u0105tamy Szczecin &#8211; 25.09.15<\/a><\/li>\n<li><a href=\"http:\/\/www.24kurier.pl\/Aktualnosci\/Szczecin\/Prezydent-wreczyl-nagrody\" target=\"_blank\" rel=\"noopener noreferrer\">24Kurier.pl &#8211; Prezydent wr\u0119czy\u0142 nagrody<\/a><\/li>\n<li><a title=\"29 kwietnia 2015 r. zosta\u0142a podpisana umowa patronacka pomi\u0119dzy Wydzia\u0142em K\u015aiR ZUT w Szczecinie a Centrum Edukacji Ogrodniczej w Szczecinie\" href=\"http:\/\/www.agro.zut.edu.pl\/aktualnosci\/informacje-biezace\/article\/29-kwietnia-2015-r-zostala-podpisana-umowa-patronacka-pomiedzy-wydzialem-ksir-zut-w-szczecinie.html\" target=\"_blank\" rel=\"noopener noreferrer\">29 kwietnia 2015 r. zosta\u0142a podpisana <strong>umowa patronacka<\/strong> pomi\u0119dzy Wydzia\u0142em K\u015aiR ZUT w Szczecinie a Centrum Edukacji Ogrodniczej w Szczecinie<\/a><\/li>\n<li><a title=\"Gazeta Wyborcza - ZAW\u00d3D TO PLUS\" href=\"https:\/\/ceogr.edu.pl\/wp-content\/uploads\/2014\/08\/ZAWOD-TO-PLUS.pdf\" target=\"_blank\" rel=\"noopener noreferrer\">Gazeta Wyborcza-MAGAZYN SZCZECI\u0143SKI &#8211; ZAW\u00d3D TO PLUS<\/a><\/li>\n<li><a href=\"http:\/\/www.24kurier.pl\/Aktualnosci\/Gospodarka-Nauka-Oswiata\/Dla-architektow-krajobrazu\" target=\"_blank\" rel=\"noopener noreferrer\">24Kurier.pl &#8211; Patronat ZUT nad Centrum Edukacji Ogrodniczej<\/a><\/li>\n<li><a href=\"https:\/\/ceogr.edu.pl\/wp-content\/uploads\/2014\/08\/Patronat-ZUT-nad-Centrum-Edukacji-Ogrodniczej.jpg\" target=\"_blank\" rel=\"noopener noreferrer\">Kurier Szczeci\u0144ski &#8211; Patronat ZUT nad Centrum Edukacji Ogrodniczej<\/a><\/li>\n<li><a href=\"https:\/\/ceogr.edu.pl\/wp-content\/uploads\/2014\/08\/artykul.pdf\" target=\"_blank\" rel=\"noopener noreferrer\">24Kurier.pl &#8211; Do zawodowego sukcesu<\/a><\/li>\n<li><a href=\"http:\/\/www.24kurier.pl\/Aktualnosci\/Region\/Gryfino\/Targi-Szkol-Ponadgimnazjalnych\" target=\"_blank\" rel=\"noopener noreferrer\">24Kurier.pl &#8211; Targi Szk\u00f3\u0142 Ponadgimnazjalnych<\/a><\/li>\n<li><a href=\"http:\/\/www.gs24.pl\/apps\/pbcs.dll\/article?AID=\/20150116\/SZCZECIN\/150119783\" target=\"_blank\" rel=\"noopener noreferrer\">G\u0142os Szczeci\u0144ski &#8211; studni\u00f3wka 2015 uczni\u00f3w CEO.<\/a><\/li>\n<li><a href=\"https:\/\/pe.szczecin.pl\/files\/6770D1B45F944033AB39E917E95963E6\/dialogi_09-2014.pdf\" target=\"_blank\" rel=\"noopener noreferrer\">My w Dialogach &#8211; Obchody \u015awi\u0119ta Niepodleg\u0142o\u015bci.<\/a><\/li>\n<li><a href=\"\/?page_id=2613 \">Gazeta Sp\u00f3\u0142dzielni Mieszkaniowej &#8222;D\u0105b&#8221;<\/a><\/li>\n<li><a href=\"https:\/\/www.men.gov.pl\/index.php\/1592-wreczenie-stypendiow-prezesa-rady-ministrow\" target=\"_blank\" rel=\"noopener noreferrer\">Wr\u0119czenie stypendi\u00f3w Prezesa Rady Ministr\u00f3w &#8211; MEN<\/a><\/li>\n<li><a href=\"https:\/\/pe.szczecin.pl\/chapter_201199.asp?soid=6C3BCCF567254F2490BF9EA9CE1245C5\" target=\"_blank\" rel=\"noopener noreferrer\">Stypendystom Prezesa Rady Ministr\u00f3w &#8211; Portal Edukacyjny<\/a><\/li>\n<li><a href=\"https:\/\/ceogr.edu.pl\/wp-content\/uploads\/2014\/08\/Sprz\u0105tanie-\u015awiata-2014-kurier.pdf\" target=\"_blank\" rel=\"noopener noreferrer\">Sprz\u0105tanie \u015awiata 2014 &#8211; kurier<\/a><\/li>\n<li><a href=\"http:\/\/prawobrzeze.info\/artykuly\/Krokusy_rozswietla_wiosne__1730\" target=\"_blank\" rel=\"noopener noreferrer\">Sze\u015b\u0107 tysi\u0119cy krokus\u00f3w wysadzono na skwerze przy Rondzie U\u0142an\u00f3w Podolskich w Zdrojach<\/a><\/li>\n<li><a title=\"Nasze publikacje w \u201eDialogach\" href=\"https:\/\/pe.szczecin.pl\/files\/F22AFAD8E7E6477D8003B8A0AF4EE89B\/dialogi_06-2014.pdf\" target=\"_blank\" rel=\"noopener noreferrer\">Nasze publikacje w \u201eDialogach<\/a><\/li>\n<li><a href=\"http:\/\/www.zs10.fsl24.pl\/_Aktualnos1ci~5.html?i=185&amp;go=all#\" target=\"_blank\" rel=\"noopener noreferrer\">Zesp\u00f3\u0142 Szk\u00f3\u0142 Nr 10 &#8211; pokazy<\/a><\/li>\n<li><a title=\"Pa\u0142ac M\u0142odzie\u017cy - Le\u015bne Soboty\" href=\"http:\/\/palac.szczecin.pl\/2014\/06\/899-lesna-sobota\/#more-24365\" target=\"_blank\" rel=\"noopener noreferrer\">Pa\u0142ac M\u0142odzie\u017cy &#8211; Le\u015bne Soboty<\/a><\/li>\n<li><a href=\"http:\/\/szczecin.gazeta.pl\/szczecin\/5,91486,16003050,Centrum_Edukacji_Ogrodniczej_w_Szczecinie.html\" target=\"_blank\" rel=\"noopener noreferrer\">Gazeta.pl &#8211; Centrum Edukacji Ogrodniczej w Szczecinie<\/a><\/li>\n<li><a title=\"Razem tworzymy szko\u0142\u0119\" href=\"https:\/\/ceogr.edu.pl\/wp-content\/uploads\/2014\/05\/turniej_Rotated.pdf\" target=\"_blank\" rel=\"noopener noreferrer\">Razem tworzymy szko\u0142\u0119<\/a><\/li>\n<li><a title=\"Gazeta Wyborcza - wydanie internetowe\" href=\"http:\/\/szczecin.gazeta.pl\/szczecin\/56,34939,15861105,Porady_florystow,,7.html\" target=\"_blank\" rel=\"noopener noreferrer\">Gazeta Wyborcza &#8211; wydanie internetowe<\/a><\/li>\n<li><a title=\"24Kurier.pl - MTS czyli ogr\u00f3d zieloneego Szczecina\" href=\"http:\/\/www.24kurier.pl\/Archiwum\/2014\/04\/27\/Szczecin\/MTS,-czyli-ogrod-zielonego-Szczecina\" target=\"_blank\" rel=\"noopener noreferrer\">24Kurier.pl &#8211; MTS czyli ogr\u00f3d zieloneego Szczecina<\/a><\/li>\n<li><a href=\"http:\/\/www.edustyle.pl\/artykuly\/439,253,16-szkol-zawodowych-zaczyna-edukacje-z-ipadem\" target=\"_blank\" rel=\"noopener noreferrer\">Edustyle.pl &#8211; Zaczynamy edukacj\u0119 z iPadem<\/a><\/li>\n<li><a title=\"Zaj\u0119cia praktyczne ogrodnik\u00f3w ze Specjalnego O\u015brodka Szkolno-Wychowawczego ze Szczecina\" href=\"http:\/\/sosw2.szczecin.pl\/zajecia-ogrodnicze\/\" target=\"_blank\" rel=\"noopener noreferrer\">Zaj\u0119cia ogrodnicze m\u0142odzie\u017cy z SOSW2 w Szczecinie<\/a><\/li>\n<li><a title=\"Weekend z Chryzantem\u0105\" href=\"http:\/\/www.echo.szczecin.pl\/wydarzenia-01-2546-weekend_z_chryzantema.html\" target=\"_blank\" rel=\"noopener noreferrer\">Weekend z Chryzantem\u0105<\/a><\/li>\n<li><a href=\"http:\/\/szkolaztradycja.org\/projekty\/pamietajcie-o-ogrodach.html\" target=\"_blank\" rel=\"noopener noreferrer\">&#8222;PAMI\u0118TAJCIE O OGRODACH &#8230;&#8221;<\/a><\/li>\n<li><a href=\"http:\/\/www.sloneczna9.pl\/2013-10-28-09-51-23\/2013-2014\/motylki\/galeria\/przedszkole\/grupy\/grupa-2-motylki\/centrum-edukacji-ogrodniczej-w-szczecinie\/centrum-edukacji-ogrodniczej-w-szczecinie-2-3145\" target=\"_blank\" rel=\"noopener noreferrer\">Przedszkole<\/a><\/li>\n<li><a href=\"http:\/\/www.ozpzd-szczecin.pl\/index.php?option=com_content&amp;view=article&amp;id=1234%3Acentrum-edukacji-ogrodniczej-w-szczecinie-zaprasza-na-dni-otwarte-oraz-kiermasz-ogrodniczy&amp;catid=3%3Ainformacje-rone&amp;Itemid=71\" target=\"_blank\" rel=\"noopener noreferrer\">ROD &#8222;G\u00f3rki Ustowskie&#8221;<\/a><\/li>\n<li><a href=\"http:\/\/szkolaztradycja.org\/projekty\/pamietajcie-o-ogrodach.html\" target=\"_blank\" rel=\"noopener noreferrer\">Radio Szczecin &#8211; Centrum Edukacji Ogrodniczej ma 65 lat<\/a><\/li>\n<li><a href=\"http:\/\/www.mmszczecin.pl\/229509\/zdroje-jesienny-kiermasz-ogrodniczy-za-nami-modo\" target=\"_blank\" rel=\"noopener noreferrer\">mmszczecin.pl &#8211; Zdroje: Jesienny kiermasz ogrodniczy za nami<\/a><\/li>\n<\/ul>\n<\/td>\n<\/tr>\n<\/tbody>\n<\/table>\n","protected":false},"excerpt":{"rendered":"<p>Oaza\u00a0 w szpitalu &#8222;Zdroje&#8221; &#8211; zielona metamorfoza &#8211; 24Kuriel.pl Ziele\u0144 na zdrowie. Ro\u015bliny poprawi\u0105 samopoczucie pacjentom &#8211; Region &#8211; Radio Szczecin Og\u00f3rkowe spotkanie polowe Podpisanie listu intencyjnego. Edukacja, kultura i <a class=\"more-link\" href=\"https:\/\/ceogr.edu.pl\/?page_id=1859\">Czytaj wi\u0119cej&#8230;<\/a><\/p>\n","protected":false},"author":1,"featured_media":0,"parent":0,"menu_order":0,"comment_status":"closed","ping_status":"open","template":"","meta":[],"acf":[],"aioseo_notices":[],"_links":{"self":[{"href":"https:\/\/ceogr.edu.pl\/index.php?rest_route=\/wp\/v2\/pages\/1859"}],"collection":[{"href":"https:\/\/ceogr.edu.pl\/index.php?rest_route=\/wp\/v2\/pages"}],"about":[{"href":"https:\/\/ceogr.edu.pl\/index.php?rest_route=\/wp\/v2\/types\/page"}],"author":[{"embeddable":true,"href":"https:\/\/ceogr.edu.pl\/index.php?rest_route=\/wp\/v2\/users\/1"}],"replies":[{"embeddable":true,"href":"https:\/\/ceogr.edu.pl\/index.php?rest_route=%2Fwp%2Fv2%2Fcomments&post=1859"}],"version-history":[{"count":63,"href":"https:\/\/ceogr.edu.pl\/index.php?rest_route=\/wp\/v2\/pages\/1859\/revisions"}],"predecessor-version":[{"id":15666,"href":"https:\/\/ceogr.edu.pl\/index.php?rest_route=\/wp\/v2\/pages\/1859\/revisions\/15666"}],"wp:attachment":[{"href":"https:\/\/ceogr.edu.pl\/index.php?rest_route=%2Fwp%2Fv2%2Fmedia&parent=1859"}],"curies":[{"name":"wp","href":"https:\/\/api.w.org\/{rel}","templated":true}]}}